{"id":47,"date":"2025-12-02T14:52:45","date_gmt":"2025-12-02T13:52:45","guid":{"rendered":"https:\/\/www.nowa.parafiaostrog.pl\/?page_id=47"},"modified":"2025-12-23T17:56:28","modified_gmt":"2025-12-23T16:56:28","slug":"strona-glowna","status":"publish","type":"page","link":"https:\/\/www.parafiaostrog.pl\/","title":{"rendered":"Strona g\u0142\u00f3wna"},"content":{"rendered":"\t\t<div data-elementor-type=\"wp-page\" data-elementor-id=\"47\" class=\"elementor elementor-47\" data-elementor-post-type=\"page\">\n\t\t\t\t\t\t<section class=\"elementor-section elementor-top-section elementor-element elementor-element-4b429279 elementor-section-full_width elementor-section-height-default elementor-section-height-default\" data-id=\"4b429279\" data-element_type=\"section\" id=\"home\" data-settings=\"{&quot;background_background&quot;:&quot;classic&quot;}\">\n\t\t\t\t\t\t<div class=\"elementor-container elementor-column-gap-default\">\n\t\t\t\t\t<div class=\"elementor-column elementor-col-100 elementor-top-column elementor-element elementor-element-1efff136\" data-id=\"1efff136\" data-element_type=\"column\" data-settings=\"{&quot;background_background&quot;:&quot;gradient&quot;}\">\n\t\t\t<div class=\"elementor-widget-wrap elementor-element-populated\">\n\t\t\t\t\t\t<section class=\"elementor-section elementor-inner-section elementor-element elementor-element-67791520 elementor-section-content-middle elementor-section-boxed elementor-section-height-default elementor-section-height-default\" data-id=\"67791520\" data-element_type=\"section\">\n\t\t\t\t\t\t<div class=\"elementor-container elementor-column-gap-default\">\n\t\t\t\t\t<div class=\"elementor-column elementor-col-100 elementor-inner-column elementor-element elementor-element-9927537\" data-id=\"9927537\" data-element_type=\"column\">\n\t\t\t<div class=\"elementor-widget-wrap\">\n\t\t\t\t\t\t\t<\/div>\n\t\t<\/div>\n\t\t\t\t\t<\/div>\n\t\t<\/section>\n\t\t\t\t<section class=\"elementor-section elementor-inner-section elementor-element elementor-element-11c5257f elementor-reverse-mobile elementor-section-boxed elementor-section-height-default elementor-section-height-default\" data-id=\"11c5257f\" data-element_type=\"section\">\n\t\t\t\t\t\t<div class=\"elementor-container elementor-column-gap-default\">\n\t\t\t\t\t<div class=\"elementor-column elementor-col-50 elementor-inner-column elementor-element elementor-element-d502e7b\" data-id=\"d502e7b\" data-element_type=\"column\">\n\t\t\t<div class=\"elementor-widget-wrap elementor-element-populated\">\n\t\t\t\t\t\t<div class=\"elementor-element elementor-element-c31e299 elementor-widget-divider--view-line_text elementor-widget-divider--element-align-right elementor-widget elementor-widget-divider\" data-id=\"c31e299\" data-element_type=\"widget\" data-widget_type=\"divider.default\">\n\t\t\t\t\t\t\t<div class=\"elementor-divider\">\n\t\t\t<span class=\"elementor-divider-separator\">\n\t\t\t\t\t\t\t<span class=\"elementor-divider__text elementor-divider__element\">\n\t\t\t\tNajnowsze wiadomo\u015bci\t\t\t\t<\/span>\n\t\t\t\t\t\t<\/span>\n\t\t<\/div>\n\t\t\t\t\t\t<\/div>\n\t\t\t\t<div class=\"elementor-element elementor-element-766757b elementor-widget elementor-widget-spacer\" data-id=\"766757b\" data-element_type=\"widget\" data-widget_type=\"spacer.default\">\n\t\t\t\t\t\t\t<div class=\"elementor-spacer\">\n\t\t\t<div class=\"elementor-spacer-inner\"><\/div>\n\t\t<\/div>\n\t\t\t\t\t\t<\/div>\n\t\t\t\t<div class=\"elementor-element elementor-element-bc2bc98 elementor-grid-1 elementor-grid-tablet-2 elementor-grid-mobile-1 elementor-posts--thumbnail-top elementor-card-shadow-yes elementor-posts__hover-gradient elementor-widget elementor-widget-posts\" data-id=\"bc2bc98\" data-element_type=\"widget\" data-settings=\"{&quot;cards_columns&quot;:&quot;1&quot;,&quot;cards_columns_tablet&quot;:&quot;2&quot;,&quot;cards_columns_mobile&quot;:&quot;1&quot;,&quot;cards_row_gap&quot;:{&quot;unit&quot;:&quot;px&quot;,&quot;size&quot;:35,&quot;sizes&quot;:[]},&quot;cards_row_gap_tablet&quot;:{&quot;unit&quot;:&quot;px&quot;,&quot;size&quot;:&quot;&quot;,&quot;sizes&quot;:[]},&quot;cards_row_gap_mobile&quot;:{&quot;unit&quot;:&quot;px&quot;,&quot;size&quot;:&quot;&quot;,&quot;sizes&quot;:[]}}\" data-widget_type=\"posts.cards\">\n\t\t\t\t<div class=\"elementor-widget-container\">\n\t\t\t\t\t\t\t<div class=\"elementor-posts-container elementor-posts elementor-posts--skin-cards elementor-grid\" role=\"list\">\n\t\t\t\t<article class=\"elementor-post elementor-grid-item post-806 post type-post status-publish format-standard hentry category-intencje\" role=\"listitem\">\n\t\t\t<div class=\"elementor-post__card\">\n\t\t\t\t<div class=\"elementor-post__text\">\n\t\t\t\t<h1 class=\"elementor-post__title\">\n\t\t\t<a href=\"https:\/\/www.parafiaostrog.pl\/?p=806\" target=&quot;_blank&quot;>\n\t\t\t\tIntencje Mszy \u015awi\u0119tej 4.05 &#8211; 10.05.26\t\t\t<\/a>\n\t\t<\/h1>\n\t\t\t\t<div class=\"elementor-post__excerpt\">\n\t\t\t<p>PORZ\u0104DEK NABO\u017bE\u0143STW 04.05.2026 PONIEDZIA\u0141EK \u2013 dzie\u0144 powszedni 6:45 1) Za + Bernarda Otlik, ++ rodzic\u00f3w, te\u015bci\u00f3w i pokrewie\u0144stwo z obu stron 2) Za + Stanis\u0142awa Pi\u0105tek (GREG. IV) 11:00 POGRZEB: \u015bp. J\u00f3zef Mucha 17:30 Nabo\u017ce\u0144stwo majowe \u2013 dzi\u0119kczynne za dar I Komunii \u015bw. 18:00 1) Za + mam\u0119 Gertrud\u0119 Raczek w rocznic\u0119 \u015bmierci 2) Za + Kamila Simek (GREG. XXIX) 05.05.2026 WTOREK \u2013 dzie\u0144 powszedni 6:45 1) Do Mi\u0142osierdzia Bo\u017cego o rado\u015b\u0107 \u017cycia wiecznego w kolejne rocznice \u015bmierci + m\u0119\u017ca<\/p>\n\t\t<\/div>\n\t\t\n\t\t<a class=\"elementor-post__read-more\" href=\"https:\/\/www.parafiaostrog.pl\/?p=806\" aria-label=\"Read more about Intencje Mszy \u015awi\u0119tej 4.05 &#8211; 10.05.26\" tabindex=\"-1\" target=\"_blank\">\n\t\t\tCzytaj dalej \u00bb\t\t<\/a>\n\n\t\t\t\t<\/div>\n\t\t\t\t<div class=\"elementor-post__meta-data\">\n\t\t\t\t\t<span class=\"elementor-post-date\">\n\t\t\t02.05.2026\t\t<\/span>\n\t\t\t\t<span class=\"elementor-post-time\">\n\t\t\t09:48\t\t<\/span>\n\t\t\t\t<\/div>\n\t\t\t\t\t<\/div>\n\t\t<\/article>\n\t\t\t\t<article class=\"elementor-post elementor-grid-item post-804 post type-post status-publish format-standard hentry category-ogloszenia\" role=\"listitem\">\n\t\t\t<div class=\"elementor-post__card\">\n\t\t\t\t<div class=\"elementor-post__text\">\n\t\t\t\t<h1 class=\"elementor-post__title\">\n\t\t\t<a href=\"https:\/\/www.parafiaostrog.pl\/?p=804\" target=&quot;_blank&quot;>\n\t\t\t\tOg\u0142oszenia parafialne 3.05 &#8211; 10.05.26\t\t\t<\/a>\n\t\t<\/h1>\n\t\t\t\t<div class=\"elementor-post__excerpt\">\n\t\t\t<p>OG\u0141OSZENIA PARAFIALNE 1. Prze\u017cywamy dzi\u015b V Niedziel\u0119 wielkanocn\u0105: 2. KANCELARIA PARAFIALNA czynna w poniedzia\u0142ek i czwartek od godz. 16.30do 17.30. Spowied\u017a \u015bw. w tygodniu przed Mszami \u015bw. rano (od 6.30) i wieczorem (od 17.30). W sobot\u0119 od godz. 17.00 okazja do spowiedzi \u015bw. i adoracja Naj\u015bw. Sakramentu. 3. W poniedzia\u0142ek zapraszamy m\u0142odzie\u017c klasy 8 po wieczornej Mszy \u015bw. na spotkanie przygotowuj\u0105ce do Bierzmowania. Spotkanie dla r\u00f3\u017c r\u00f3\u017ca\u0144cowych odb\u0119dzie si\u0119 za tydzie\u0144 \u2013 w poniedzia\u0142ek, 11 maja po wieczornej Mszy \u015bw.<\/p>\n\t\t<\/div>\n\t\t\n\t\t<a class=\"elementor-post__read-more\" href=\"https:\/\/www.parafiaostrog.pl\/?p=804\" aria-label=\"Read more about Og\u0142oszenia parafialne 3.05 &#8211; 10.05.26\" tabindex=\"-1\" target=\"_blank\">\n\t\t\tCzytaj dalej \u00bb\t\t<\/a>\n\n\t\t\t\t<\/div>\n\t\t\t\t<div class=\"elementor-post__meta-data\">\n\t\t\t\t\t<span class=\"elementor-post-date\">\n\t\t\t02.05.2026\t\t<\/span>\n\t\t\t\t<span class=\"elementor-post-time\">\n\t\t\t09:38\t\t<\/span>\n\t\t\t\t<\/div>\n\t\t\t\t\t<\/div>\n\t\t<\/article>\n\t\t\t\t<article class=\"elementor-post elementor-grid-item post-802 post type-post status-publish format-standard hentry category-wydarzenia\" role=\"listitem\">\n\t\t\t<div class=\"elementor-post__card\">\n\t\t\t\t<div class=\"elementor-post__text\">\n\t\t\t\t<h1 class=\"elementor-post__title\">\n\t\t\t<a href=\"https:\/\/www.parafiaostrog.pl\/?p=802\" target=&quot;_blank&quot;>\n\t\t\t\tIntencje r\u00f3\u017c r\u00f3\u017ca\u0144cowych na maj 2026\t\t\t<\/a>\n\t\t<\/h1>\n\t\t\t\t<div class=\"elementor-post__excerpt\">\n\t\t\t<p>INTENCJA G\u0141\u00d3WNA \u2013 PAPIESKA DLA WSZYSTKICH R\u00d3\u017b:o po\u017cywienie dla wszystkich:m\u00f3dlmy si\u0119, aby wszyscy, od wielkich producent\u00f3w po zwyk\u0142ych konsument\u00f3w, unikali marnowania \u017cywno\u015bcii aby ka\u017cdy cz\u0142owiek mia\u0142 dost\u0119p do zdrowej \u017cywno\u015bci. DODATKOWE INTENCJE DLA POSZCZEG\u00d3LNYCH R\u00d3\u017b:<\/p>\n\t\t<\/div>\n\t\t\n\t\t<a class=\"elementor-post__read-more\" href=\"https:\/\/www.parafiaostrog.pl\/?p=802\" aria-label=\"Read more about Intencje r\u00f3\u017c r\u00f3\u017ca\u0144cowych na maj 2026\" tabindex=\"-1\" target=\"_blank\">\n\t\t\tCzytaj dalej \u00bb\t\t<\/a>\n\n\t\t\t\t<\/div>\n\t\t\t\t<div class=\"elementor-post__meta-data\">\n\t\t\t\t\t<span class=\"elementor-post-date\">\n\t\t\t02.05.2026\t\t<\/span>\n\t\t\t\t<span class=\"elementor-post-time\">\n\t\t\t07:57\t\t<\/span>\n\t\t\t\t<\/div>\n\t\t\t\t\t<\/div>\n\t\t<\/article>\n\t\t\t\t<article class=\"elementor-post elementor-grid-item post-779 post type-post status-publish format-standard hentry category-intencje\" role=\"listitem\">\n\t\t\t<div class=\"elementor-post__card\">\n\t\t\t\t<div class=\"elementor-post__text\">\n\t\t\t\t<h1 class=\"elementor-post__title\">\n\t\t\t<a href=\"https:\/\/www.parafiaostrog.pl\/?p=779\" target=&quot;_blank&quot;>\n\t\t\t\tIntencje Mszy \u015awi\u0119tej 27.04. &#8211; 3.05.26\t\t\t<\/a>\n\t\t<\/h1>\n\t\t\t\t<div class=\"elementor-post__excerpt\">\n\t\t\t<p>27.04.2026 PONIEDZIA\u0141EK \u2013 dzie\u0144 powszedni 6:45 1) Do Bo\u017cej Opatrzno\u015bci z podzi\u0119kowaniem za otrzymane \u0142aski, z pro\u015bb\u0105 o dalsze, Bo\u017ce b\u0142ogos\u0142awie\u0144stwo i opiek\u0119 Matki Bo\u017cej w 40 rocz. \u015blubu Jolanty i Antoniego Janczyszyn 2) Za + Kamila Simek (GREG. XXII) 3) Za + Ew\u0119 Sadowsk\u0105 (od Anny i Sebastiana Ba\u0142azi\u0144skich) 18:00 Za + c\u00f3rk\u0119 Iwon\u0119 w 4 rocz. \u015bmierci, ++ rodzic\u00f3w Gertrud\u0119 i Antoniego, ++ te\u015bci\u00f3w W\u0142adys\u0142aw\u0119 i Tadeusza oraz za + bratow\u0105 Mari\u0119 28.04.2026 WTOREK \u2013 dzie\u0144 powszedni 6:45<\/p>\n\t\t<\/div>\n\t\t\n\t\t<a class=\"elementor-post__read-more\" href=\"https:\/\/www.parafiaostrog.pl\/?p=779\" aria-label=\"Read more about Intencje Mszy \u015awi\u0119tej 27.04. &#8211; 3.05.26\" tabindex=\"-1\" target=\"_blank\">\n\t\t\tCzytaj dalej \u00bb\t\t<\/a>\n\n\t\t\t\t<\/div>\n\t\t\t\t<div class=\"elementor-post__meta-data\">\n\t\t\t\t\t<span class=\"elementor-post-date\">\n\t\t\t25.04.2026\t\t<\/span>\n\t\t\t\t<span class=\"elementor-post-time\">\n\t\t\t12:00\t\t<\/span>\n\t\t\t\t<\/div>\n\t\t\t\t\t<\/div>\n\t\t<\/article>\n\t\t\t\t<article class=\"elementor-post elementor-grid-item post-781 post type-post status-publish format-standard hentry category-ogloszenia\" role=\"listitem\">\n\t\t\t<div class=\"elementor-post__card\">\n\t\t\t\t<div class=\"elementor-post__text\">\n\t\t\t\t<h1 class=\"elementor-post__title\">\n\t\t\t<a href=\"https:\/\/www.parafiaostrog.pl\/?p=781\" target=&quot;_blank&quot;>\n\t\t\t\tOg\u0142oszenia parafialna 26.04 &#8211; 3.05.26\t\t\t<\/a>\n\t\t<\/h1>\n\t\t\t\t<div class=\"elementor-post__excerpt\">\n\t\t\t<p>1. Prze\u017cywamy dzi\u015b IV Niedziel\u0119 wielkanocn\u0105: 2. KANCELARIA PARAFIALNA czynna w poniedzia\u0142ek i czwartek od godz. 16.30do 17.30. Spowied\u017a \u015bw. w tygodniu przed Mszami \u015bw. rano (od 6.30) i wieczorem (od 17.30). W sobot\u0119 od godz. 17.00 okazja do spowiedzi \u015bw. i adoracja Naj\u015bw. Sakramentu. 3. Dzi\u0119kujemy wszystkim, kt\u00f3rzy zaanga\u017cowali si\u0119 w rozbi\u00f3rk\u0119 Bo\u017cego Grobu i Ciemnicy w ko\u015bciele. B\u00f3g zap\u0142a\u0107 za Wasz\u0105 obecno\u015b\u0107 i OGROMN\u0104 pomoc. 4. We wtorek zapraszamy dzieci na Msz\u0119 \u015bw. szkoln\u0105 o godz. 18.00. 5.<\/p>\n\t\t<\/div>\n\t\t\n\t\t<a class=\"elementor-post__read-more\" href=\"https:\/\/www.parafiaostrog.pl\/?p=781\" aria-label=\"Read more about Og\u0142oszenia parafialna 26.04 &#8211; 3.05.26\" tabindex=\"-1\" target=\"_blank\">\n\t\t\tCzytaj dalej \u00bb\t\t<\/a>\n\n\t\t\t\t<\/div>\n\t\t\t\t<div class=\"elementor-post__meta-data\">\n\t\t\t\t\t<span class=\"elementor-post-date\">\n\t\t\t25.04.2026\t\t<\/span>\n\t\t\t\t<span class=\"elementor-post-time\">\n\t\t\t11:04\t\t<\/span>\n\t\t\t\t<\/div>\n\t\t\t\t\t<\/div>\n\t\t<\/article>\n\t\t\t\t<\/div>\n\t\t\n\t\t\t\t\t\t<\/div>\n\t\t\t\t<\/div>\n\t\t\t\t\t<\/div>\n\t\t<\/div>\n\t\t\t\t<div class=\"elementor-column elementor-col-50 elementor-inner-column elementor-element elementor-element-c84c2a7\" data-id=\"c84c2a7\" data-element_type=\"column\">\n\t\t\t<div class=\"elementor-widget-wrap elementor-element-populated\">\n\t\t\t\t\t\t<div class=\"elementor-element elementor-element-5d240d6 elementor-pagination-position-inside elementor-widget__width-initial elementor-invisible elementor-widget elementor-widget-image-carousel\" data-id=\"5d240d6\" data-element_type=\"widget\" data-settings=\"{&quot;slides_to_show&quot;:&quot;1&quot;,&quot;navigation&quot;:&quot;dots&quot;,&quot;_animation&quot;:&quot;zoomIn&quot;,&quot;autoplay&quot;:&quot;yes&quot;,&quot;pause_on_hover&quot;:&quot;yes&quot;,&quot;pause_on_interaction&quot;:&quot;yes&quot;,&quot;autoplay_speed&quot;:5000,&quot;infinite&quot;:&quot;yes&quot;,&quot;effect&quot;:&quot;slide&quot;,&quot;speed&quot;:500}\" data-widget_type=\"image-carousel.default\">\n\t\t\t\t\t\t\t<div class=\"elementor-image-carousel-wrapper swiper\" role=\"region\" aria-roledescription=\"carousel\" aria-label=\"Karuzela obrazk\u00f3w\" dir=\"ltr\">\n\t\t\t<div class=\"elementor-image-carousel swiper-wrapper\" aria-live=\"off\">\n\t\t\t\t\t\t\t\t<div class=\"swiper-slide\" role=\"group\" aria-roledescription=\"slide\" aria-label=\"1 z 2\"><figure class=\"swiper-slide-inner\"><img decoding=\"async\" class=\"swiper-slide-image\" src=\"https:\/\/www.parafiaostrog.pl\/wp-content\/uploads\/2025\/12\/5633360_kosciol-sw-jana-chrzciciela-w-raciborzu.jpg\" alt=\"5633360_kosciol-sw-jana-chrzciciela-w-raciborzu\" \/><\/figure><\/div><div class=\"swiper-slide\" role=\"group\" aria-roledescription=\"slide\" aria-label=\"2 z 2\"><figure class=\"swiper-slide-inner\"><img decoding=\"async\" class=\"swiper-slide-image\" src=\"https:\/\/www.parafiaostrog.pl\/wp-content\/uploads\/2025\/12\/Kosciol_sw_Jana_Chrzciciela_ul_Morawska_Raciborz_7398928-2.jpg\" alt=\"Kosciol_sw_Jana_Chrzciciela_ul_Morawska_Raciborz_7398928\" \/><\/figure><\/div>\t\t\t<\/div>\n\t\t\t\t\t\t\t\n\t\t\t\t\t\t\t\t\t<div class=\"swiper-pagination\"><\/div>\n\t\t\t\t\t\t\t\t\t<\/div>\n\t\t\t\t\t\t<\/div>\n\t\t\t\t<div class=\"elementor-element elementor-element-43facd33 elementor-align-center elementor-mobile-align-left elementor-widget-mobile__width-inherit elementor-invisible elementor-widget elementor-widget-button\" data-id=\"43facd33\" data-element_type=\"widget\" data-settings=\"{&quot;_animation&quot;:&quot;zoomIn&quot;}\" data-widget_type=\"button.default\">\n\t\t\t\t\t\t\t\t\t\t<a class=\"elementor-button elementor-button-link elementor-size-sm\" href=\"https:\/\/www.old.parafiaostrog.pl\/site\/artykuly\/77-ogloszenia-.html\">\n\t\t\t\t\t\t<span class=\"elementor-button-content-wrapper\">\n\t\t\t\t\t\t\t\t\t<span class=\"elementor-button-text\">Archiwum og\u0142oszenia<\/span>\n\t\t\t\t\t<\/span>\n\t\t\t\t\t<\/a>\n\t\t\t\t\t\t\t\t<\/div>\n\t\t\t\t<div class=\"elementor-element elementor-element-f7b1fa1 elementor-widget elementor-widget-spacer\" data-id=\"f7b1fa1\" data-element_type=\"widget\" data-widget_type=\"spacer.default\">\n\t\t\t\t\t\t\t<div class=\"elementor-spacer\">\n\t\t\t<div class=\"elementor-spacer-inner\"><\/div>\n\t\t<\/div>\n\t\t\t\t\t\t<\/div>\n\t\t\t\t<div class=\"elementor-element elementor-element-b49b51d elementor-align-center elementor-mobile-align-left elementor-widget-mobile__width-inherit elementor-invisible elementor-widget elementor-widget-button\" data-id=\"b49b51d\" data-element_type=\"widget\" data-settings=\"{&quot;_animation&quot;:&quot;zoomIn&quot;}\" data-widget_type=\"button.default\">\n\t\t\t\t\t\t\t\t\t\t<a class=\"elementor-button elementor-button-link elementor-size-sm\" href=\"https:\/\/www.old.parafiaostrog.pl\/site\/artykuly\/11-wydarzylo-sie.html\">\n\t\t\t\t\t\t<span class=\"elementor-button-content-wrapper\">\n\t\t\t\t\t\t\t\t\t<span class=\"elementor-button-text\">Archiwum wydarzenia<\/span>\n\t\t\t\t\t<\/span>\n\t\t\t\t\t<\/a>\n\t\t\t\t\t\t\t\t<\/div>\n\t\t\t\t<div class=\"elementor-element elementor-element-b87f226 elementor-widget elementor-widget-spacer\" data-id=\"b87f226\" data-element_type=\"widget\" data-widget_type=\"spacer.default\">\n\t\t\t\t\t\t\t<div class=\"elementor-spacer\">\n\t\t\t<div class=\"elementor-spacer-inner\"><\/div>\n\t\t<\/div>\n\t\t\t\t\t\t<\/div>\n\t\t<div class=\"elementor-element elementor-element-947cdbe e-grid e-con-boxed e-con e-parent\" data-id=\"947cdbe\" data-element_type=\"container\">\n\t\t\t\t\t<div class=\"e-con-inner\">\n\t\t<div class=\"elementor-element elementor-element-6af73a6 e-con-full e-flex e-con e-child\" data-id=\"6af73a6\" data-element_type=\"container\" data-settings=\"{&quot;background_background&quot;:&quot;classic&quot;}\">\n\t\t\t\t<div class=\"elementor-element elementor-element-1e85014 elementor-view-stacked elementor-shape-circle elementor-position-block-start elementor-mobile-position-block-start elementor-widget elementor-widget-icon-box\" data-id=\"1e85014\" data-element_type=\"widget\" data-widget_type=\"icon-box.default\">\n\t\t\t\t\t\t\t<div class=\"elementor-icon-box-wrapper\">\n\n\t\t\t\t\t\t<div class=\"elementor-icon-box-icon\">\n\t\t\t\t<a href=\"https:\/\/www.raciborz24.pl\/kamera\/kosciol-ostrog\" target=\"_blank\" class=\"elementor-icon elementor-animation-pulse\" tabindex=\"-1\" aria-label=\"TRANSMISJA NA \u017bYWO\">\n\t\t\t\t<svg aria-hidden=\"true\" class=\"e-font-icon-svg e-fas-tv\" viewBox=\"0 0 640 512\" xmlns=\"http:\/\/www.w3.org\/2000\/svg\"><path d=\"M592 0H48A48 48 0 0 0 0 48v320a48 48 0 0 0 48 48h240v32H112a16 16 0 0 0-16 16v32a16 16 0 0 0 16 16h416a16 16 0 0 0 16-16v-32a16 16 0 0 0-16-16H352v-32h240a48 48 0 0 0 48-48V48a48 48 0 0 0-48-48zm-16 352H64V64h512z\"><\/path><\/svg>\t\t\t\t<\/a>\n\t\t\t<\/div>\n\t\t\t\n\t\t\t\t\t\t<div class=\"elementor-icon-box-content\">\n\n\t\t\t\t\t\t\t\t\t<h3 class=\"elementor-icon-box-title\">\n\t\t\t\t\t\t<a href=\"https:\/\/www.raciborz24.pl\/kamera\/kosciol-ostrog\" target=\"_blank\" >\n\t\t\t\t\t\t\tTRANSMISJA NA \u017bYWO\t\t\t\t\t\t<\/a>\n\t\t\t\t\t<\/h3>\n\t\t\t\t\n\t\t\t\t\t\t\t\t\t<p class=\"elementor-icon-box-description\">\n\t\t\t\t\t\tz Naszego ko\u015bcio\u0142a\t\t\t\t\t<\/p>\n\t\t\t\t\n\t\t\t<\/div>\n\t\t\t\n\t\t<\/div>\n\t\t\t\t\t\t<\/div>\n\t\t\t\t<\/div>\n\t\t<div class=\"elementor-element elementor-element-d8c6799 e-con-full e-flex e-con e-child\" data-id=\"d8c6799\" data-element_type=\"container\" data-settings=\"{&quot;background_background&quot;:&quot;classic&quot;}\">\n\t\t\t\t<div class=\"elementor-element elementor-element-ef1933f elementor-view-stacked elementor-shape-circle elementor-position-block-start elementor-mobile-position-block-start elementor-widget elementor-widget-icon-box\" data-id=\"ef1933f\" data-element_type=\"widget\" data-widget_type=\"icon-box.default\">\n\t\t\t\t\t\t\t<div class=\"elementor-icon-box-wrapper\">\n\n\t\t\t\t\t\t<div class=\"elementor-icon-box-icon\">\n\t\t\t\t<a href=\"https:\/\/www.diecezja.opole.pl\/\" target=\"_blank\" class=\"elementor-icon elementor-animation-pulse\" tabindex=\"-1\" aria-label=\"Diecezja Opolska\">\n\t\t\t\t<svg aria-hidden=\"true\" class=\"e-font-icon-svg e-fas-bible\" viewBox=\"0 0 448 512\" xmlns=\"http:\/\/www.w3.org\/2000\/svg\"><path d=\"M448 358.4V25.6c0-16-9.6-25.6-25.6-25.6H96C41.6 0 0 41.6 0 96v320c0 54.4 41.6 96 96 96h326.4c12.8 0 25.6-9.6 25.6-25.6v-16c0-6.4-3.2-12.8-9.6-19.2-3.2-16-3.2-60.8 0-73.6 6.4-3.2 9.6-9.6 9.6-19.2zM144 144c0-8.84 7.16-16 16-16h48V80c0-8.84 7.16-16 16-16h32c8.84 0 16 7.16 16 16v48h48c8.84 0 16 7.16 16 16v32c0 8.84-7.16 16-16 16h-48v112c0 8.84-7.16 16-16 16h-32c-8.84 0-16-7.16-16-16V192h-48c-8.84 0-16-7.16-16-16v-32zm236.8 304H96c-19.2 0-32-12.8-32-32s16-32 32-32h284.8v64z\"><\/path><\/svg>\t\t\t\t<\/a>\n\t\t\t<\/div>\n\t\t\t\n\t\t\t\t\t\t<div class=\"elementor-icon-box-content\">\n\n\t\t\t\t\t\t\t\t\t<h3 class=\"elementor-icon-box-title\">\n\t\t\t\t\t\t<a href=\"https:\/\/www.diecezja.opole.pl\/\" target=\"_blank\" >\n\t\t\t\t\t\t\tDiecezja Opolska\t\t\t\t\t\t<\/a>\n\t\t\t\t\t<\/h3>\n\t\t\t\t\n\t\t\t\t\t\t\t\t\t<p class=\"elementor-icon-box-description\">\n\t\t\t\t\t\tstrona www\t\t\t\t\t<\/p>\n\t\t\t\t\n\t\t\t<\/div>\n\t\t\t\n\t\t<\/div>\n\t\t\t\t\t\t<\/div>\n\t\t\t\t<\/div>\n\t\t\t\t\t<\/div>\n\t\t\t\t<\/div>\n\t\t\t\t<div class=\"elementor-element elementor-element-5e499dcd elementor-absolute elementor-widget__width-initial e-transform elementor-widget elementor-widget-spacer\" data-id=\"5e499dcd\" data-element_type=\"widget\" data-settings=\"{&quot;_position&quot;:&quot;absolute&quot;,&quot;_transform_translateX_effect_mobile&quot;:{&quot;unit&quot;:&quot;%&quot;,&quot;size&quot;:&quot;50&quot;,&quot;sizes&quot;:[]},&quot;_transform_translateX_effect&quot;:{&quot;unit&quot;:&quot;px&quot;,&quot;size&quot;:&quot;&quot;,&quot;sizes&quot;:[]},&quot;_transform_translateX_effect_tablet&quot;:{&quot;unit&quot;:&quot;px&quot;,&quot;size&quot;:&quot;&quot;,&quot;sizes&quot;:[]},&quot;_transform_translateY_effect&quot;:{&quot;unit&quot;:&quot;px&quot;,&quot;size&quot;:&quot;&quot;,&quot;sizes&quot;:[]},&quot;_transform_translateY_effect_tablet&quot;:{&quot;unit&quot;:&quot;px&quot;,&quot;size&quot;:&quot;&quot;,&quot;sizes&quot;:[]},&quot;_transform_translateY_effect_mobile&quot;:{&quot;unit&quot;:&quot;px&quot;,&quot;size&quot;:&quot;&quot;,&quot;sizes&quot;:[]}}\" data-widget_type=\"spacer.default\">\n\t\t\t\t\t\t\t<div class=\"elementor-spacer\">\n\t\t\t<div class=\"elementor-spacer-inner\"><\/div>\n\t\t<\/div>\n\t\t\t\t\t\t<\/div>\n\t\t\t\t\t<\/div>\n\t\t<\/div>\n\t\t\t\t\t<\/div>\n\t\t<\/section>\n\t\t\t\t\t<\/div>\n\t\t<\/div>\n\t\t\t\t\t<\/div>\n\t\t<\/section>\n\t\t<div class=\"elementor-element elementor-element-37564ac e-flex e-con-boxed e-con e-parent\" data-id=\"37564ac\" data-element_type=\"container\">\n\t\t\t\t\t<div class=\"e-con-inner\">\n\t\t\t\t<div class=\"elementor-element elementor-element-216c56e elementor-widget elementor-widget-spacer\" data-id=\"216c56e\" data-element_type=\"widget\" data-widget_type=\"spacer.default\">\n\t\t\t\t\t\t\t<div class=\"elementor-spacer\">\n\t\t\t<div class=\"elementor-spacer-inner\"><\/div>\n\t\t<\/div>\n\t\t\t\t\t\t<\/div>\n\t\t\t\t\t<\/div>\n\t\t\t\t<\/div>\n\t\t<div class=\"elementor-element elementor-element-acd4890 e-flex e-con-boxed e-con e-parent\" data-id=\"acd4890\" data-element_type=\"container\">\n\t\t\t\t\t<div class=\"e-con-inner\">\n\t\t\t\t<div class=\"elementor-element elementor-element-cac08bd elementor-widget-divider--view-line_text elementor-widget-divider--element-align-center elementor-widget elementor-widget-divider\" data-id=\"cac08bd\" data-element_type=\"widget\" data-widget_type=\"divider.default\">\n\t\t\t\t\t\t\t<div class=\"elementor-divider\">\n\t\t\t<span class=\"elementor-divider-separator\">\n\t\t\t\t\t\t\t<span class=\"elementor-divider__text elementor-divider__element\">\n\t\t\t\tWatykan News\t\t\t\t<\/span>\n\t\t\t\t\t\t<\/span>\n\t\t<\/div>\n\t\t\t\t\t\t<\/div>\n\t\t\t\t<div class=\"elementor-element elementor-element-b49e201 elementor-widget elementor-widget-heading\" data-id=\"b49e201\" data-element_type=\"widget\" data-widget_type=\"heading.default\">\n\t\t\t\t\t<h2 class=\"elementor-heading-title elementor-size-default\">Najnowsze wiadomo\u015bci z Watykanu<\/h2>\t\t\t\t<\/div>\n\t\t\t\t<div class=\"elementor-element elementor-element-e280abe elementor-widget elementor-widget-shortcode\" data-id=\"e280abe\" data-element_type=\"widget\" data-widget_type=\"shortcode.default\">\n\t\t\t\t\t\t\t<div class=\"elementor-shortcode\"><style>\n    .vatican_news { color:#3B3935; padding: 0; }\r\n.vanews-date { color:#A78364; font-size: 0.7em; } \r\n.vnews-h-a { color:#A78364; }\r\n.vnews-li-a { color:#3B3935; }<\/style>\n<div class=\"vatican-news\"  >\n    \n            <h2 class='vnews-h'>\n            <a href='https:\/\/www.vaticannews.va\/' class='vnews-h-a'>\n                Vatican News\n            <\/a><\/h2>    <ul class=\"vnews-h\">\n    <li class='vnews-li'>\n        <a href='https:\/\/www.vaticannews.va\/pl\/papiez\/news\/2026-05\/leon-xiv-regina-coeli-rozaniem-pokoj-jednosc-kosciol.html' target='_blank' class='vnews-li-a'>Leon XIV: Odmawiajcie R\u00f3\u017caniec o jedno\u015b\u0107 w Ko\u015bciele i pok\u00f3j na \u015bwiecie<\/a> \n        <span class='vanews-date'>(2026-05-03 12:10)<\/span>\n        <\/li><li class='vnews-li'>\n        <a href='https:\/\/www.vaticannews.va\/pl\/papiez\/news\/2026-05\/leon-xiv-regina-coeli-04-05-2026-bog-sprawiedliwosc.html' target='_blank' class='vnews-li-a'>Leon XIV: U Boga obfito\u015b\u0107 nie poci\u0105ga za sob\u0105 nier\u00f3wno\u015bci<\/a> \n        <span class='vanews-date'>(2026-05-03 12:05)<\/span>\n        <\/li><li class='vnews-li'>\n        <a href='https:\/\/www.vaticannews.va\/pl\/papiez\/news\/2026-05\/nikolaj-dubinin-administrator-archidiecezji-matki-bozej-moskwa.html' target='_blank' class='vnews-li-a'>Nowy administrator apostolski archidiecezji Matki Bo\u017cej w Moskwie<\/a> \n        <span class='vanews-date'>(2026-05-03 11:04)<\/span>\n        <\/li><li class='vnews-li'>\n        <a href='https:\/\/www.vaticannews.va\/pl\/kosciol\/news\/2026-05\/opus-dei-przygotowuje-sie-do-obchodow-stulecia-istnienia.html' target='_blank' class='vnews-li-a'>Opus Dei przygotowuje si\u0119 do obchod\u00f3w stulecia istnienia<\/a> \n        <span class='vanews-date'>(2026-05-03 10:15)<\/span>\n        <\/li><li class='vnews-li'>\n        <a href='https:\/\/www.vaticannews.va\/pl\/papiez\/news\/2026-05\/wierni-przeszlosci-czy-wierni-przyszlosci-robert-prevost-w-2010.html' target='_blank' class='vnews-li-a'>Wierni przesz\u0142o\u015bci czy wierni przysz\u0142o\u015bci? Tekst Roberta Prevosta z 2010 roku<\/a> \n        <span class='vanews-date'>(2026-05-03 09:13)<\/span>\n        <\/li><li class='vnews-li'>\n        <a href='https:\/\/www.vaticannews.va\/pl\/kosciol\/news\/2026-05\/mozambik-dzihadysci-podpalili-kosciol.html' target='_blank' class='vnews-li-a'>Mozambik: d\u017cihady\u015bci podpalili ko\u015bci\u00f3\u0142<\/a> \n        <span class='vanews-date'>(2026-05-03 07:55)<\/span>\n        <\/li><li class='vnews-li'>\n        <a href='https:\/\/www.vaticannews.va\/pl\/papiez\/news\/2026-05\/ksiazka-wolni-dzieki-lasce-dla-leon-xiv-papiez.html' target='_blank' class='vnews-li-a'>Pierwszy egzemplarz ksi\u0105\u017cki \u201eWolni dzi\u0119ki \u0142asce\u201d dla Leona XIV<\/a> \n        <span class='vanews-date'>(2026-05-02 20:30)<\/span>\n        <\/li><li class='vnews-li'>\n        <a href='https:\/\/www.vaticannews.va\/pl\/papiez\/news\/2026-05\/papiez-leon-xiv-nowi-biskupi-nie-pozwolcie-by-was-szukano.html' target='_blank' class='vnews-li-a'>Papie\u017c do nowych biskup\u00f3w: Nie pozw\u00f3lcie, by was szukano, pozw\u00f3lcie si\u0119 znale\u017a\u0107<\/a> \n        <span class='vanews-date'>(2026-05-02 17:47)<\/span>\n        <\/li>    <\/ul>\n<\/div>\n<br>\n\n\n\t\t\t\t\t\t<\/div>\n\t\t\t\t\t\t<\/div>\n\t\t\t\t\t<\/div>\n\t\t\t\t<\/div>\n\t\t<div class=\"elementor-element elementor-element-bcd7346 e-flex e-con-boxed e-con e-parent\" data-id=\"bcd7346\" data-element_type=\"container\">\n\t\t\t\t\t<div class=\"e-con-inner\">\n\t\t\t\t<div class=\"elementor-element elementor-element-4af4069 elementor-widget elementor-widget-spacer\" data-id=\"4af4069\" data-element_type=\"widget\" data-widget_type=\"spacer.default\">\n\t\t\t\t\t\t\t<div class=\"elementor-spacer\">\n\t\t\t<div class=\"elementor-spacer-inner\"><\/div>\n\t\t<\/div>\n\t\t\t\t\t\t<\/div>\n\t\t\t\t\t<\/div>\n\t\t\t\t<\/div>\n\t\t\t\t<section class=\"elementor-section elementor-top-section elementor-element elementor-element-2748c587 elementor-section-boxed elementor-section-height-default elementor-section-height-default\" data-id=\"2748c587\" data-element_type=\"section\" data-settings=\"{&quot;background_background&quot;:&quot;classic&quot;}\">\n\t\t\t\t\t\t\t<div class=\"elementor-background-overlay\"><\/div>\n\t\t\t\t\t\t\t<div class=\"elementor-container elementor-column-gap-default\">\n\t\t\t\t\t<div class=\"elementor-column elementor-col-100 elementor-top-column elementor-element elementor-element-4fcfdd66\" data-id=\"4fcfdd66\" data-element_type=\"column\">\n\t\t\t<div class=\"elementor-widget-wrap elementor-element-populated\">\n\t\t\t\t\t\t<section class=\"elementor-section elementor-inner-section elementor-element elementor-element-2a430cb5 elementor-section-full_width elementor-section-height-default elementor-section-height-default\" data-id=\"2a430cb5\" data-element_type=\"section\">\n\t\t\t\t\t\t<div class=\"elementor-container elementor-column-gap-default\">\n\t\t\t\t\t<div class=\"elementor-column elementor-col-100 elementor-inner-column elementor-element elementor-element-25ace2a2\" data-id=\"25ace2a2\" data-element_type=\"column\">\n\t\t\t<div class=\"elementor-widget-wrap elementor-element-populated\">\n\t\t\t\t\t\t<div class=\"elementor-element elementor-element-61013d11 elementor-widget-divider--view-line_text elementor-widget-divider--element-align-center elementor-widget elementor-widget-divider\" data-id=\"61013d11\" data-element_type=\"widget\" data-widget_type=\"divider.default\">\n\t\t\t\t\t\t\t<div class=\"elementor-divider\">\n\t\t\t<span class=\"elementor-divider-separator\">\n\t\t\t\t\t\t\t<span class=\"elementor-divider__text elementor-divider__element\">\n\t\t\t\tGaleria\t\t\t\t<\/span>\n\t\t\t\t\t\t<\/span>\n\t\t<\/div>\n\t\t\t\t\t\t<\/div>\n\t\t\t\t<div class=\"elementor-element elementor-element-754709ec elementor-widget elementor-widget-heading\" data-id=\"754709ec\" data-element_type=\"widget\" data-widget_type=\"heading.default\">\n\t\t\t\t\t<h2 class=\"elementor-heading-title elementor-size-default\">Zapraszamy do naszej parafialnej galerii zdj\u0119\u0107 i film\u00f3w<\/h2>\t\t\t\t<\/div>\n\t\t\t\t\t<\/div>\n\t\t<\/div>\n\t\t\t\t\t<\/div>\n\t\t<\/section>\n\t\t\t\t<section class=\"elementor-section elementor-inner-section elementor-element elementor-element-169a1adc elementor-section-full_width elementor-section-height-default elementor-section-height-default\" data-id=\"169a1adc\" data-element_type=\"section\">\n\t\t\t\t\t\t<div class=\"elementor-container elementor-column-gap-default\">\n\t\t\t\t\t<div class=\"elementor-column elementor-col-100 elementor-inner-column elementor-element elementor-element-57a196e5\" data-id=\"57a196e5\" data-element_type=\"column\">\n\t\t\t<div class=\"elementor-widget-wrap elementor-element-populated\">\n\t\t\t\t\t\t<div class=\"elementor-element elementor-element-225e63a0 elementor-align-center elementor-widget__width-auto elementor-invisible elementor-widget elementor-widget-button\" data-id=\"225e63a0\" data-element_type=\"widget\" data-settings=\"{&quot;_animation&quot;:&quot;zoomIn&quot;}\" data-widget_type=\"button.default\">\n\t\t\t\t\t\t\t\t\t\t<a class=\"elementor-button elementor-button-link elementor-size-sm\" href=\"\/?page_id=226\">\n\t\t\t\t\t\t<span class=\"elementor-button-content-wrapper\">\n\t\t\t\t\t\t\t\t\t<span class=\"elementor-button-text\">Zdj\u0119cia<\/span>\n\t\t\t\t\t<\/span>\n\t\t\t\t\t<\/a>\n\t\t\t\t\t\t\t\t<\/div>\n\t\t\t\t<div class=\"elementor-element elementor-element-48843bfa elementor-align-center elementor-widget__width-auto elementor-invisible elementor-widget elementor-widget-button\" data-id=\"48843bfa\" data-element_type=\"widget\" data-settings=\"{&quot;_animation&quot;:&quot;zoomIn&quot;}\" data-widget_type=\"button.default\">\n\t\t\t\t\t\t\t\t\t\t<a class=\"elementor-button elementor-button-link elementor-size-sm\" href=\"https:\/\/www.youtube.com\/user\/janostrog\">\n\t\t\t\t\t\t<span class=\"elementor-button-content-wrapper\">\n\t\t\t\t\t\t\t\t\t<span class=\"elementor-button-text\">Filmy<\/span>\n\t\t\t\t\t<\/span>\n\t\t\t\t\t<\/a>\n\t\t\t\t\t\t\t\t<\/div>\n\t\t\t\t\t<\/div>\n\t\t<\/div>\n\t\t\t\t\t<\/div>\n\t\t<\/section>\n\t\t\t\t\t<\/div>\n\t\t<\/div>\n\t\t\t\t\t<\/div>\n\t\t<\/section>\n\t\t\t\t<section class=\"elementor-section elementor-top-section elementor-element elementor-element-2659f40e elementor-section-boxed elementor-section-height-default elementor-section-height-default\" data-id=\"2659f40e\" data-element_type=\"section\" id=\"blog\">\n\t\t\t\t\t\t<div class=\"elementor-container elementor-column-gap-default\">\n\t\t\t\t\t<div class=\"elementor-column elementor-col-100 elementor-top-column elementor-element elementor-element-2a2b2b7e\" data-id=\"2a2b2b7e\" data-element_type=\"column\">\n\t\t\t<div class=\"elementor-widget-wrap elementor-element-populated\">\n\t\t\t\t\t\t<section class=\"elementor-section elementor-inner-section elementor-element elementor-element-1976d710 elementor-section-full_width elementor-section-height-default elementor-section-height-default\" data-id=\"1976d710\" data-element_type=\"section\">\n\t\t\t\t\t\t<div class=\"elementor-container elementor-column-gap-default\">\n\t\t\t\t\t<div class=\"elementor-column elementor-col-100 elementor-inner-column elementor-element elementor-element-47abc811\" data-id=\"47abc811\" data-element_type=\"column\">\n\t\t\t<div class=\"elementor-widget-wrap elementor-element-populated\">\n\t\t\t\t\t\t<div class=\"elementor-element elementor-element-61d611e9 elementor-widget-divider--view-line_text elementor-widget-divider--element-align-center elementor-widget elementor-widget-divider\" data-id=\"61d611e9\" data-element_type=\"widget\" data-widget_type=\"divider.default\">\n\t\t\t\t\t\t\t<div class=\"elementor-divider\">\n\t\t\t<span class=\"elementor-divider-separator\">\n\t\t\t\t\t\t\t<span class=\"elementor-divider__text elementor-divider__element\">\n\t\t\t\tWydarzy\u0142o si\u0119\t\t\t\t<\/span>\n\t\t\t\t\t\t<\/span>\n\t\t<\/div>\n\t\t\t\t\t\t<\/div>\n\t\t\t\t<div class=\"elementor-element elementor-element-72e6715f elementor-widget elementor-widget-heading\" data-id=\"72e6715f\" data-element_type=\"widget\" data-widget_type=\"heading.default\">\n\t\t\t\t\t<h2 class=\"elementor-heading-title elementor-size-default\">Najnowsze wydarzenia z Naszej Parafii<\/h2>\t\t\t\t<\/div>\n\t\t\t\t\t<\/div>\n\t\t<\/div>\n\t\t\t\t\t<\/div>\n\t\t<\/section>\n\t\t\t\t\t<\/div>\n\t\t<\/div>\n\t\t\t\t\t<\/div>\n\t\t<\/section>\n\t\t\t\t<section class=\"elementor-section elementor-top-section elementor-element elementor-element-3c16bf2e elementor-section-boxed elementor-section-height-default elementor-section-height-default\" data-id=\"3c16bf2e\" data-element_type=\"section\">\n\t\t\t\t\t\t<div class=\"elementor-container elementor-column-gap-default\">\n\t\t\t\t\t<div class=\"elementor-column elementor-col-100 elementor-top-column elementor-element elementor-element-7fbc1e7e\" data-id=\"7fbc1e7e\" data-element_type=\"column\">\n\t\t\t<div class=\"elementor-widget-wrap elementor-element-populated\">\n\t\t\t\t\t\t<div class=\"elementor-element elementor-element-4b6b457 elementor-grid-3 elementor-grid-tablet-2 elementor-grid-mobile-1 elementor-posts--thumbnail-top elementor-card-shadow-yes elementor-posts__hover-gradient elementor-widget elementor-widget-posts\" data-id=\"4b6b457\" data-element_type=\"widget\" data-settings=\"{&quot;cards_row_gap&quot;:{&quot;unit&quot;:&quot;px&quot;,&quot;size&quot;:30,&quot;sizes&quot;:[]},&quot;cards_columns&quot;:&quot;3&quot;,&quot;cards_columns_tablet&quot;:&quot;2&quot;,&quot;cards_columns_mobile&quot;:&quot;1&quot;,&quot;cards_row_gap_tablet&quot;:{&quot;unit&quot;:&quot;px&quot;,&quot;size&quot;:&quot;&quot;,&quot;sizes&quot;:[]},&quot;cards_row_gap_mobile&quot;:{&quot;unit&quot;:&quot;px&quot;,&quot;size&quot;:&quot;&quot;,&quot;sizes&quot;:[]}}\" data-widget_type=\"posts.cards\">\n\t\t\t\t<div class=\"elementor-widget-container\">\n\t\t\t\t\t\t\t<div class=\"elementor-posts-container elementor-posts elementor-posts--skin-cards elementor-grid\" role=\"list\">\n\t\t\t\t<article class=\"elementor-post elementor-grid-item post-802 post type-post status-publish format-standard hentry category-wydarzenia\" role=\"listitem\">\n\t\t\t<div class=\"elementor-post__card\">\n\t\t\t\t<div class=\"elementor-post__text\">\n\t\t\t\t<h2 class=\"elementor-post__title\">\n\t\t\t<a href=\"https:\/\/www.parafiaostrog.pl\/?p=802\" target=&quot;_blank&quot;>\n\t\t\t\tIntencje r\u00f3\u017c r\u00f3\u017ca\u0144cowych na maj 2026\t\t\t<\/a>\n\t\t<\/h2>\n\t\t\t\t<div class=\"elementor-post__excerpt\">\n\t\t\t<p>INTENCJA G\u0141\u00d3WNA \u2013 PAPIESKA DLA WSZYSTKICH R\u00d3\u017b:o po\u017cywienie dla wszystkich:m\u00f3dlmy si\u0119, aby wszyscy, od wielkich producent\u00f3w po zwyk\u0142ych konsument\u00f3w, unikali marnowania \u017cywno\u015bcii aby ka\u017cdy cz\u0142owiek mia\u0142 dost\u0119p do zdrowej \u017cywno\u015bci. DODATKOWE INTENCJE DLA POSZCZEG\u00d3LNYCH R\u00d3\u017b:<\/p>\n\t\t<\/div>\n\t\t\n\t\t<a class=\"elementor-post__read-more\" href=\"https:\/\/www.parafiaostrog.pl\/?p=802\" aria-label=\"Read more about Intencje r\u00f3\u017c r\u00f3\u017ca\u0144cowych na maj 2026\" tabindex=\"-1\" target=\"_blank\">\n\t\t\tCzytaj dalej \u00bb\t\t<\/a>\n\n\t\t\t\t<\/div>\n\t\t\t\t<div class=\"elementor-post__meta-data\">\n\t\t\t\t\t<span class=\"elementor-post-date\">\n\t\t\t02.05.2026\t\t<\/span>\n\t\t\t\t<span class=\"elementor-post-time\">\n\t\t\t07:57\t\t<\/span>\n\t\t\t\t<\/div>\n\t\t\t\t\t<\/div>\n\t\t<\/article>\n\t\t\t\t<article class=\"elementor-post elementor-grid-item post-770 post type-post status-publish format-standard hentry category-wydarzenia\" role=\"listitem\">\n\t\t\t<div class=\"elementor-post__card\">\n\t\t\t\t<div class=\"elementor-post__text\">\n\t\t\t\t<h2 class=\"elementor-post__title\">\n\t\t\t<a href=\"https:\/\/www.parafiaostrog.pl\/?p=770\" target=&quot;_blank&quot;>\n\t\t\t\tIntencje r\u00f3\u017c r\u00f3\u017ca\u0144cowych na kwiecie\u0144 2026\t\t\t<\/a>\n\t\t<\/h2>\n\t\t\t\t<div class=\"elementor-post__excerpt\">\n\t\t\t<p>INTENCJA G\u0141\u00d3WNA \u2013 PAPIESKA DLA WSZYSTKICH R\u00d3\u017b:za kap\u0142an\u00f3w prze\u017cywaj\u0105cych kryzys:m\u00f3dlmy si\u0119 za kap\u0142an\u00f3w prze\u017cywaj\u0105cych kryzys w swoim powo\u0142aniu, aby znale\u017ali towarzyszenie duchowe,kt\u00f3rego potrzebuj\u0105 i aby wsp\u00f3lnoty wspiera\u0142y ich w duchu zrozumienia i modlitwy. DODATKOWE INTENCJE DLA POSZCZEG\u00d3LNYCH R\u00d3\u017b:<\/p>\n\t\t<\/div>\n\t\t\n\t\t<a class=\"elementor-post__read-more\" href=\"https:\/\/www.parafiaostrog.pl\/?p=770\" aria-label=\"Read more about Intencje r\u00f3\u017c r\u00f3\u017ca\u0144cowych na kwiecie\u0144 2026\" tabindex=\"-1\" target=\"_blank\">\n\t\t\tCzytaj dalej \u00bb\t\t<\/a>\n\n\t\t\t\t<\/div>\n\t\t\t\t<div class=\"elementor-post__meta-data\">\n\t\t\t\t\t<span class=\"elementor-post-date\">\n\t\t\t14.04.2026\t\t<\/span>\n\t\t\t\t<span class=\"elementor-post-time\">\n\t\t\t17:01\t\t<\/span>\n\t\t\t\t<\/div>\n\t\t\t\t\t<\/div>\n\t\t<\/article>\n\t\t\t\t<article class=\"elementor-post elementor-grid-item post-717 post type-post status-publish format-standard hentry category-wydarzenia\" role=\"listitem\">\n\t\t\t<div class=\"elementor-post__card\">\n\t\t\t\t<div class=\"elementor-post__text\">\n\t\t\t\t<h2 class=\"elementor-post__title\">\n\t\t\t<a href=\"https:\/\/www.parafiaostrog.pl\/?p=717\" target=&quot;_blank&quot;>\n\t\t\t\tIntencje R\u00f3\u017c r\u00f3\u017ca\u0144cowych na marzec 2026\t\t\t<\/a>\n\t\t<\/h2>\n\t\t\t\t<div class=\"elementor-post__excerpt\">\n\t\t\t<p>INTENCJA G\u0141\u00d3WNA \u2013 PAPIESKA DLA WSZYSTKICH R\u00d3\u017b:o rozbrojenie i pok\u00f3j:m\u00f3dlmy si\u0119, aby narody d\u0105\u017cy\u0142y do skutecznego rozbrojenia, zw\u0142aszcza nuklearnego i aby \u015bwiatowi przyw\u00f3dcy wybierali drog\u0119 dialogu i dyplomacji zamiast przemocy. DODATKOWE INTENCJE DLA POSZCZEG\u00d3LNYCH R\u00d3\u017b:<\/p>\n\t\t<\/div>\n\t\t\n\t\t<a class=\"elementor-post__read-more\" href=\"https:\/\/www.parafiaostrog.pl\/?p=717\" aria-label=\"Read more about Intencje R\u00f3\u017c r\u00f3\u017ca\u0144cowych na marzec 2026\" tabindex=\"-1\" target=\"_blank\">\n\t\t\tCzytaj dalej \u00bb\t\t<\/a>\n\n\t\t\t\t<\/div>\n\t\t\t\t<div class=\"elementor-post__meta-data\">\n\t\t\t\t\t<span class=\"elementor-post-date\">\n\t\t\t02.03.2026\t\t<\/span>\n\t\t\t\t<span class=\"elementor-post-time\">\n\t\t\t10:44\t\t<\/span>\n\t\t\t\t<\/div>\n\t\t\t\t\t<\/div>\n\t\t<\/article>\n\t\t\t\t<article class=\"elementor-post elementor-grid-item post-607 post type-post status-publish format-standard hentry category-wydarzenia\" role=\"listitem\">\n\t\t\t<div class=\"elementor-post__card\">\n\t\t\t\t<div class=\"elementor-post__text\">\n\t\t\t\t<h2 class=\"elementor-post__title\">\n\t\t\t<a href=\"https:\/\/www.parafiaostrog.pl\/?p=607\" target=&quot;_blank&quot;>\n\t\t\t\tIntencje r\u00f3\u017ca\u0144cowe na stycze\u0144 2026\t\t\t<\/a>\n\t\t<\/h2>\n\t\t\t\t<div class=\"elementor-post__excerpt\">\n\t\t\t<p>Intencja g\u0142\u00f3wna \u2013 papieska dla wszystkich r\u00f3\u017c: o modlitw\u0119 S\u0142owem Bo\u017cym: m\u00f3dlmy si\u0119, aby modlitwa S\u0142owem Bo\u017cym by\u0142a pokarmem dla naszego \u017cycia i \u017ar\u00f3d\u0142em nadziei w naszych wsp\u00f3lnotach, pomagaj\u0105c nam budowa\u0107 Ko\u015bci\u00f3\u0142 bardziej braterski i misyjny. DODATKOWE INTENCJE DLA POSZCZEG\u00d3LNYCH R\u00d3\u017b: 1. R\u00d3\u017bA \u015aW. TERESKI OD DZIECI\u0104TKA JEZUS modli si\u0119<\/p>\n\t\t<\/div>\n\t\t\n\t\t<a class=\"elementor-post__read-more\" href=\"https:\/\/www.parafiaostrog.pl\/?p=607\" aria-label=\"Read more about Intencje r\u00f3\u017ca\u0144cowe na stycze\u0144 2026\" tabindex=\"-1\" target=\"_blank\">\n\t\t\tCzytaj dalej \u00bb\t\t<\/a>\n\n\t\t\t\t<\/div>\n\t\t\t\t<div class=\"elementor-post__meta-data\">\n\t\t\t\t\t<span class=\"elementor-post-date\">\n\t\t\t09.01.2026\t\t<\/span>\n\t\t\t\t<span class=\"elementor-post-time\">\n\t\t\t09:34\t\t<\/span>\n\t\t\t\t<\/div>\n\t\t\t\t\t<\/div>\n\t\t<\/article>\n\t\t\t\t<article class=\"elementor-post elementor-grid-item post-375 post type-post status-publish format-standard hentry category-wydarzenia\" role=\"listitem\">\n\t\t\t<div class=\"elementor-post__card\">\n\t\t\t\t<div class=\"elementor-post__text\">\n\t\t\t\t<h2 class=\"elementor-post__title\">\n\t\t\t<a href=\"https:\/\/www.parafiaostrog.pl\/?p=375\" target=&quot;_blank&quot;>\n\t\t\t\tIntencje dla R\u00f3\u017c R\u00f3\u017ca\u0144cowych &#8211; listopad 2025\t\t\t<\/a>\n\t\t<\/h2>\n\t\t\t\t<div class=\"elementor-post__excerpt\">\n\t\t\t<p>INTENCJE DLA R\u00d3\u017b R\u00d3\u017bA\u0143COWYCH \u2013 LISTOPAD 2025 r.INTENCJA G\u0141\u00d3WNA \u2013 PAPIESKA DLA WSZYSTKICH R\u00d3\u017b:o umiej\u0119tno\u015b\u0107 zapobiegania samob\u00f3jstwom:m\u00f3dlmy si\u0119, aby osoby, kt\u00f3re do\u015bwiadczaj\u0105 pokusy pope\u0142nienia samob\u00f3jstwa, znalaz\u0142yw swoich wsp\u00f3lnotach potrzebne im wsparcie, pomoc oraz mi\u0142o\u015b\u0107 i otworzy\u0142y si\u0119 na pi\u0119kno\u017cycia.DODATKOWE INTENCJE DLA POSZCZEG\u00d3LNYCH R\u00d3\u017b:1. R\u00d3\u017bA \u015aW. TERESKI OD DZIECI\u0104TKA JEZUSmodli si\u0119<\/p>\n\t\t<\/div>\n\t\t\n\t\t<a class=\"elementor-post__read-more\" href=\"https:\/\/www.parafiaostrog.pl\/?p=375\" aria-label=\"Read more about Intencje dla R\u00f3\u017c R\u00f3\u017ca\u0144cowych &#8211; listopad 2025\" tabindex=\"-1\" target=\"_blank\">\n\t\t\tCzytaj dalej \u00bb\t\t<\/a>\n\n\t\t\t\t<\/div>\n\t\t\t\t<div class=\"elementor-post__meta-data\">\n\t\t\t\t\t<span class=\"elementor-post-date\">\n\t\t\t03.11.2025\t\t<\/span>\n\t\t\t\t<span class=\"elementor-post-time\">\n\t\t\t13:16\t\t<\/span>\n\t\t\t\t<\/div>\n\t\t\t\t\t<\/div>\n\t\t<\/article>\n\t\t\t\t<article class=\"elementor-post elementor-grid-item post-443 post type-post status-publish format-standard hentry category-wydarzenia\" role=\"listitem\">\n\t\t\t<div class=\"elementor-post__card\">\n\t\t\t\t<div class=\"elementor-post__text\">\n\t\t\t\t<h2 class=\"elementor-post__title\">\n\t\t\t<a href=\"https:\/\/www.parafiaostrog.pl\/?p=443\" target=&quot;_blank&quot;>\n\t\t\t\tIntencje dla R\u00f3\u017c R\u00f3\u017ca\u0144cowych &#8211; wrzesie\u0144 2025\t\t\t<\/a>\n\t\t<\/h2>\n\t\t\t\t<div class=\"elementor-post__excerpt\">\n\t\t\t<p>1. R\u00d3\u017bA \u015aW. TERESKI OD DZIECI\u0104TKA JEZUSmodli si\u0119 o dary Ducha \u015awi\u0119tego dla dzieci, m\u0142odzie\u017cy, nauczycieli, katechet\u00f3w i rodzic\u00f3w,w nowym roku szkolnym i katechetycznym.2. R\u00d3\u017bA MATKI BO\u017bEJ R\u00d3\u017bA\u0143COWEJmodli si\u0119 za Papie\u017ca Leona XIV o potrzebne \u0142aski i \u015bwiat\u0142o Ducha \u015awi\u0119tego, aby by\u0142 opok\u0105 dlawiernych i sta\u0142 na stra\u017cy \u015bwi\u0119tej wiary<\/p>\n\t\t<\/div>\n\t\t\n\t\t<a class=\"elementor-post__read-more\" href=\"https:\/\/www.parafiaostrog.pl\/?p=443\" aria-label=\"Read more about Intencje dla R\u00f3\u017c R\u00f3\u017ca\u0144cowych &#8211; wrzesie\u0144 2025\" tabindex=\"-1\" target=\"_blank\">\n\t\t\tCzytaj dalej \u00bb\t\t<\/a>\n\n\t\t\t\t<\/div>\n\t\t\t\t<div class=\"elementor-post__meta-data\">\n\t\t\t\t\t<span class=\"elementor-post-date\">\n\t\t\t11.09.2025\t\t<\/span>\n\t\t\t\t<span class=\"elementor-post-time\">\n\t\t\t14:26\t\t<\/span>\n\t\t\t\t<\/div>\n\t\t\t\t\t<\/div>\n\t\t<\/article>\n\t\t\t\t<\/div>\n\t\t\n\t\t\t\t\t\t<\/div>\n\t\t\t\t<\/div>\n\t\t\t\t\t<\/div>\n\t\t<\/div>\n\t\t\t\t\t<\/div>\n\t\t<\/section>\n\t\t\t\t<section class=\"elementor-section elementor-top-section elementor-element elementor-element-3b91c3e3 elementor-section-boxed elementor-section-height-default elementor-section-height-default\" data-id=\"3b91c3e3\" data-element_type=\"section\" id=\"contact\">\n\t\t\t\t\t\t<div class=\"elementor-container elementor-column-gap-default\">\n\t\t\t\t\t<div class=\"elementor-column elementor-col-100 elementor-top-column elementor-element elementor-element-75158a2b\" data-id=\"75158a2b\" data-element_type=\"column\" data-settings=\"{&quot;background_background&quot;:&quot;classic&quot;}\">\n\t\t\t<div class=\"elementor-widget-wrap elementor-element-populated\">\n\t\t\t\t\t\t<section class=\"elementor-section elementor-inner-section elementor-element elementor-element-3d5d09dd elementor-section-full_width elementor-section-height-default elementor-section-height-default\" data-id=\"3d5d09dd\" data-element_type=\"section\">\n\t\t\t\t\t\t<div class=\"elementor-container elementor-column-gap-default\">\n\t\t\t\t\t<div class=\"elementor-column elementor-col-50 elementor-inner-column elementor-element elementor-element-5e0c1b2c\" data-id=\"5e0c1b2c\" data-element_type=\"column\">\n\t\t\t<div class=\"elementor-widget-wrap elementor-element-populated\">\n\t\t\t\t\t\t<div class=\"elementor-element elementor-element-476dad25 elementor-widget elementor-widget-heading\" data-id=\"476dad25\" data-element_type=\"widget\" data-settings=\"{&quot;_animation&quot;:&quot;none&quot;}\" data-widget_type=\"heading.default\">\n\t\t\t\t\t<h2 class=\"elementor-heading-title elementor-size-default\">Masz jakiekolwiek pytania? <br>\nSerdecznie zapraszamy do kontaktu<\/h2>\t\t\t\t<\/div>\n\t\t\t\t\t<\/div>\n\t\t<\/div>\n\t\t\t\t<div class=\"elementor-column elementor-col-50 elementor-inner-column elementor-element elementor-element-229198b4\" data-id=\"229198b4\" data-element_type=\"column\">\n\t\t\t<div class=\"elementor-widget-wrap elementor-element-populated\">\n\t\t\t\t\t\t<div class=\"elementor-element elementor-element-780423c6 elementor-align-right elementor-mobile-align-center elementor-widget__width-auto elementor-invisible elementor-widget elementor-widget-button\" data-id=\"780423c6\" data-element_type=\"widget\" data-settings=\"{&quot;_animation&quot;:&quot;zoomIn&quot;}\" data-widget_type=\"button.default\">\n\t\t\t\t\t\t\t\t\t\t<a class=\"elementor-button elementor-button-link elementor-size-sm\" href=\"\/?page_id=116\">\n\t\t\t\t\t\t<span class=\"elementor-button-content-wrapper\">\n\t\t\t\t\t\t\t\t\t<span class=\"elementor-button-text\">Kontakt<\/span>\n\t\t\t\t\t<\/span>\n\t\t\t\t\t<\/a>\n\t\t\t\t\t\t\t\t<\/div>\n\t\t\t\t\t<\/div>\n\t\t<\/div>\n\t\t\t\t\t<\/div>\n\t\t<\/section>\n\t\t\t\t\t<\/div>\n\t\t<\/div>\n\t\t\t\t\t<\/div>\n\t\t<\/section>\n\t\t\t\t<section class=\"elementor-section elementor-top-section elementor-element elementor-element-6f3a0c7a elementor-section-boxed elementor-section-height-default elementor-section-height-default\" data-id=\"6f3a0c7a\" data-element_type=\"section\" data-settings=\"{&quot;background_background&quot;:&quot;classic&quot;}\">\n\t\t\t\t\t\t<div class=\"elementor-container elementor-column-gap-default\">\n\t\t\t\t\t<div class=\"elementor-column elementor-col-100 elementor-top-column elementor-element elementor-element-4262805a\" data-id=\"4262805a\" data-element_type=\"column\">\n\t\t\t<div class=\"elementor-widget-wrap\">\n\t\t\t\t\t\t\t<\/div>\n\t\t<\/div>\n\t\t\t\t\t<\/div>\n\t\t<\/section>\n\t\t\t\t<\/div>\n\t\t","protected":false},"excerpt":{"rendered":"<p>Najnowsze wiadomo\u015bci Archiwum og\u0142oszenia Archiwum wydarzenia TRANSMISJA NA \u017bYWO z Naszego ko\u015bcio\u0142a Diecezja Opolska strona www Watykan News Najnowsze wiadomo\u015bci z Watykanu Galeria Zapraszamy do naszej parafialnej galerii zdj\u0119\u0107 i film\u00f3w Zdj\u0119cia Filmy Wydarzy\u0142o si\u0119 Najnowsze wydarzenia z Naszej Parafii Masz jakiekolwiek pytania? Serdecznie zapraszamy do kontaktu Kontakt<\/p>\n","protected":false},"author":1,"featured_media":0,"parent":0,"menu_order":0,"comment_status":"closed","ping_status":"closed","template":"","meta":{"footnotes":""},"class_list":["post-47","page","type-page","status-publish","hentry"],"_links":{"self":[{"href":"https:\/\/www.parafiaostrog.pl\/index.php?rest_route=\/wp\/v2\/pages\/47","targetHints":{"allow":["GET"]}}],"collection":[{"href":"https:\/\/www.parafiaostrog.pl\/index.php?rest_route=\/wp\/v2\/pages"}],"about":[{"href":"https:\/\/www.parafiaostrog.pl\/index.php?rest_route=\/wp\/v2\/types\/page"}],"author":[{"embeddable":true,"href":"https:\/\/www.parafiaostrog.pl\/index.php?rest_route=\/wp\/v2\/users\/1"}],"replies":[{"embeddable":true,"href":"https:\/\/www.parafiaostrog.pl\/index.php?rest_route=%2Fwp%2Fv2%2Fcomments&post=47"}],"version-history":[{"count":107,"href":"https:\/\/www.parafiaostrog.pl\/index.php?rest_route=\/wp\/v2\/pages\/47\/revisions"}],"predecessor-version":[{"id":606,"href":"https:\/\/www.parafiaostrog.pl\/index.php?rest_route=\/wp\/v2\/pages\/47\/revisions\/606"}],"wp:attachment":[{"href":"https:\/\/www.parafiaostrog.pl\/index.php?rest_route=%2Fwp%2Fv2%2Fmedia&parent=47"}],"curies":[{"name":"wp","href":"https:\/\/api.w.org\/{rel}","templated":true}]}}